{"id":1100,"date":"2024-04-15T15:00:08","date_gmt":"2024-04-15T18:00:08","guid":{"rendered":"https:\/\/depositosmontevideo.com.uy\/infraestrutura\/"},"modified":"2025-06-18T16:20:32","modified_gmt":"2025-06-18T19:20:32","slug":"infraestrutura","status":"publish","type":"page","link":"https:\/\/depositosmontevideo.com.uy\/pt-br\/infraestrutura\/","title":{"rendered":"Infraestrutura"},"content":{"rendered":"<p>[et_pb_section fb_built=&#8221;1&#8243; custom_padding_last_edited=&#8221;on|desktop&#8221; admin_label=&#8221;T\u00edtulo&#8221; module_class=&#8221;bg-azul-degrade&#8221; _builder_version=&#8221;4.27.4&#8243; background_color=&#8221;#004472&#8243; background_image=&#8221;https:\/\/depositosmontevideo.com.uy\/wp-content\/uploads\/2025\/02\/bg-titulo-infraestructura-alt.webp&#8221; custom_padding=&#8221;200px||150px||false|false&#8221; custom_padding_tablet=&#8221;80px||80px||true|false&#8221; custom_padding_phone=&#8221;50px||50px||true|false&#8221; global_colors_info=&#8221;{}&#8221;][et_pb_row admin_label=&#8221;row&#8221; _builder_version=&#8221;4.27.4&#8243; background_size=&#8221;initial&#8221; background_position=&#8221;top_left&#8221; background_repeat=&#8221;repeat&#8221; custom_padding=&#8221;0px||0px||true|false&#8221; global_colors_info=&#8221;{}&#8221;][et_pb_column type=&#8221;4_4&#8243; _builder_version=&#8221;4.16&#8243; custom_padding=&#8221;|||&#8221; global_colors_info=&#8221;{}&#8221; custom_padding__hover=&#8221;|||&#8221;][et_pb_text admin_label=&#8221;Etiqueta&#8221; module_class=&#8221;etiqueta&#8221; _builder_version=&#8221;4.27.4&#8243; _module_preset=&#8221;default&#8221; text_font=&#8221;|||on|||||&#8221; text_text_color=&#8221;#FFFFFF&#8221; text_font_size=&#8221;14px&#8221; text_line_height=&#8221;1.2em&#8221; background_color=&#8221;rgba(1,40,66,0.6)&#8221; custom_margin=&#8221;||10px||false|false&#8221; custom_padding=&#8221;5px|10px|5px|10px|true|true&#8221; text_font_size_tablet=&#8221;14px&#8221; text_font_size_phone=&#8221;14px&#8221; text_font_size_last_edited=&#8221;on|desktop&#8221; custom_css_main_element=&#8221;display:inline-block;&#8221; border_width_left=&#8221;5px&#8221; border_color_left=&#8221;#F9B32F&#8221; locked=&#8221;off&#8221; global_colors_info=&#8221;{}&#8221;]<\/p>\n<p>Nossa<\/p>\n<p>[\/et_pb_text][et_pb_text admin_label=&#8221;T\u00edtulo&#8221; _builder_version=&#8221;4.27.4&#8243; _module_preset=&#8221;default&#8221; header_font=&#8221;|700|||||||&#8221; header_text_color=&#8221;#FFFFFF&#8221; header_font_size=&#8221;42px&#8221; header_line_height=&#8221;1.2em&#8221; header_2_font=&#8221;|700|||||||&#8221; header_2_text_color=&#8221;#FFFFFF&#8221; header_2_font_size=&#8221;42px&#8221; header_2_line_height=&#8221;1.2em&#8221; max_width=&#8221;650px&#8221; header_font_size_tablet=&#8221;38px&#8221; header_font_size_phone=&#8221;30px&#8221; header_font_size_last_edited=&#8221;on|desktop&#8221; header_2_font_size_tablet=&#8221;38px&#8221; header_2_font_size_phone=&#8221;30px&#8221; header_2_font_size_last_edited=&#8221;on|phone&#8221; global_colors_info=&#8221;{}&#8221; header_2_font_size__hover_enabled=&#8221;off|hover&#8221;]<\/p>\n<h1>Infraestrutura<\/h1>\n<p>[\/et_pb_text][\/et_pb_column][\/et_pb_row][\/et_pb_section][et_pb_section fb_built=&#8221;1&#8243; custom_padding_last_edited=&#8221;on|phone&#8221; admin_label=&#8221;Dep\u00f3sito principal&#8221; module_id=&#8221;logistica-contenedores&#8221; _builder_version=&#8221;4.27.4&#8243; _module_preset=&#8221;default&#8221; custom_padding=&#8221;100px||0px||false|false&#8221; custom_padding_tablet=&#8221;80px||0px||false|false&#8221; custom_padding_phone=&#8221;50px||0px||false|false&#8221; global_colors_info=&#8221;{}&#8221;][et_pb_row column_structure=&#8221;1_2,1_2&#8243; make_equal=&#8221;on&#8221; _builder_version=&#8221;4.27.4&#8243; _module_preset=&#8221;default&#8221; custom_padding=&#8221;0px||0px||true|false&#8221; custom_css_main_element=&#8221;align-items: center;&#8221; global_colors_info=&#8221;{}&#8221;][et_pb_column type=&#8221;1_2&#8243; _builder_version=&#8221;4.27.4&#8243; _module_preset=&#8221;default&#8221; global_colors_info=&#8221;{}&#8221;][et_pb_image src=&#8221;https:\/\/depositosmontevideo.com.uy\/wp-content\/uploads\/2025\/02\/servicios-7.webp&#8221; alt=&#8221;vista de dron escorzo edificio dep\u00f3sitos montevideo&#8221; module_class=&#8221;img-box bajo&#8221; _builder_version=&#8221;4.27.4&#8243; _module_preset=&#8221;default&#8221; background_color=&#8221;#F8F8F8&#8243; global_colors_info=&#8221;{}&#8221;][\/et_pb_image][\/et_pb_column][et_pb_column type=&#8221;1_2&#8243; _builder_version=&#8221;4.25.0&#8243; _module_preset=&#8221;default&#8221; global_colors_info=&#8221;{}&#8221;][et_pb_text admin_label=&#8221;Etiqueta&#8221; module_class=&#8221;etiqueta&#8221; _builder_version=&#8221;4.27.4&#8243; _module_preset=&#8221;default&#8221; text_font=&#8221;|||on|||||&#8221; text_text_color=&#8221;#004472&#8243; text_font_size=&#8221;14px&#8221; text_line_height=&#8221;1.2em&#8221; background_color=&#8221;#F8F8F8&#8243; custom_margin=&#8221;||10px||false|false&#8221; custom_padding=&#8221;5px|10px|5px|10px|true|true&#8221; text_font_size_tablet=&#8221;14px&#8221; text_font_size_phone=&#8221;14px&#8221; text_font_size_last_edited=&#8221;on|desktop&#8221; custom_css_main_element=&#8221;display:inline-block;&#8221; border_width_left=&#8221;5px&#8221; border_color_left=&#8221;#F9B32F&#8221; locked=&#8221;off&#8221; global_colors_info=&#8221;{}&#8221;]<\/p>\n<p>Armazenagem<\/p>\n<p>[\/et_pb_text][et_pb_text admin_label=&#8221;T\u00edtulo&#8221; _builder_version=&#8221;4.27.4&#8243; _module_preset=&#8221;default&#8221; header_font=&#8221;||||||||&#8221; header_2_font=&#8221;|600|||||||&#8221; header_2_text_color=&#8221;#004472&#8243; header_2_font_size=&#8221;34px&#8221; header_2_line_height=&#8221;1.2em&#8221; header_2_font_size_tablet=&#8221;26px&#8221; header_2_font_size_phone=&#8221;24px&#8221; header_2_font_size_last_edited=&#8221;on|desktop&#8221; global_colors_info=&#8221;{}&#8221; header_2_font_size__hover_enabled=&#8221;off|hover&#8221;]<\/p>\n<h2>Dep\u00f3sito principal<\/h2>\n<p>[\/et_pb_text][et_pb_text _builder_version=&#8221;4.27.4&#8243; _module_preset=&#8221;default&#8221; custom_margin=&#8221;||||false|false&#8221; global_colors_info=&#8221;{}&#8221;]<\/p>\n<p>O dep\u00f3sito principal conta com uma \u00e1rea fechada de 3.800 m\u00b2 onde s\u00e3o realizadas tarefas de armazenagem e de valor agregado \u00e0s mercadorias.<\/p>\n<p>[\/et_pb_text][\/et_pb_column][\/et_pb_row][\/et_pb_section][et_pb_section fb_built=&#8221;1&#8243; custom_padding_last_edited=&#8221;on|phone&#8221; admin_label=&#8221;\u00c1rea climatizada&#8221; module_id=&#8221;gestion-mercaderias&#8221; _builder_version=&#8221;4.27.4&#8243; _module_preset=&#8221;default&#8221; custom_padding=&#8221;100px||0px||false|false&#8221; custom_padding_tablet=&#8221;80px||0px||false|false&#8221; custom_padding_phone=&#8221;50px||0px||false|false&#8221; global_colors_info=&#8221;{}&#8221;][et_pb_row column_structure=&#8221;1_2,1_2&#8243; make_equal=&#8221;on&#8221; module_class=&#8221;invertir-cols&#8221; _builder_version=&#8221;4.27.4&#8243; _module_preset=&#8221;default&#8221; custom_padding=&#8221;0px||0px||true|false&#8221; custom_css_main_element=&#8221;align-items: center;&#8221; global_colors_info=&#8221;{}&#8221;][et_pb_column type=&#8221;1_2&#8243; _builder_version=&#8221;4.25.0&#8243; _module_preset=&#8221;default&#8221; global_colors_info=&#8221;{}&#8221;][et_pb_text admin_label=&#8221;Etiqueta&#8221; module_class=&#8221;etiqueta&#8221; _builder_version=&#8221;4.27.4&#8243; _module_preset=&#8221;default&#8221; text_font=&#8221;|||on|||||&#8221; text_text_color=&#8221;#004472&#8243; text_font_size=&#8221;14px&#8221; text_line_height=&#8221;1.2em&#8221; background_color=&#8221;#F8F8F8&#8243; custom_margin=&#8221;||10px||false|false&#8221; custom_padding=&#8221;5px|10px|5px|10px|true|true&#8221; text_font_size_tablet=&#8221;14px&#8221; text_font_size_phone=&#8221;14px&#8221; text_font_size_last_edited=&#8221;on|desktop&#8221; custom_css_main_element=&#8221;display:inline-block;&#8221; border_width_left=&#8221;5px&#8221; border_color_left=&#8221;#F9B32F&#8221; locked=&#8221;off&#8221; global_colors_info=&#8221;{}&#8221;]<\/p>\n<p>Zona especial<\/p>\n<p>[\/et_pb_text][et_pb_text admin_label=&#8221;T\u00edtulo&#8221; _builder_version=&#8221;4.27.4&#8243; _module_preset=&#8221;default&#8221; header_font=&#8221;||||||||&#8221; header_2_font=&#8221;|600|||||||&#8221; header_2_text_color=&#8221;#004472&#8243; header_2_font_size=&#8221;34px&#8221; header_2_line_height=&#8221;1.2em&#8221; header_2_font_size_tablet=&#8221;26px&#8221; header_2_font_size_phone=&#8221;24px&#8221; header_2_font_size_last_edited=&#8221;on|desktop&#8221; global_colors_info=&#8221;{}&#8221; header_2_font_size__hover_enabled=&#8221;off|hover&#8221;]<\/p>\n<h2>\u00c1rea climatizada<\/h2>\n<p>[\/et_pb_text][et_pb_text _builder_version=&#8221;4.27.4&#8243; _module_preset=&#8221;default&#8221; custom_margin=&#8221;||||false|false&#8221; global_colors_info=&#8221;{}&#8221;]<\/p>\n<p>Dentro do dep\u00f3sito principal, contamos com uma zona especial de 580 m\u00b3 com temperatura controlada, destinada \u00e0 armazenagem de especialidades farmac\u00eauticas e mat\u00e9rias-primas, autorizada pelo Minist\u00e9rio da Sa\u00fade P\u00fablica.<\/p>\n<p>[\/et_pb_text][\/et_pb_column][et_pb_column type=&#8221;1_2&#8243; module_class=&#8221;imagen&#8221; _builder_version=&#8221;4.27.4&#8243; _module_preset=&#8221;default&#8221; global_colors_info=&#8221;{}&#8221;][et_pb_image src=&#8221;https:\/\/depositosmontevideo.com.uy\/wp-content\/uploads\/2025\/06\/infraestructura-2-alt.webp&#8221; alt=&#8221;mercader\u00eda en \u00e1rea climatizada de dep\u00f3sitos montevideo&#8221; module_class=&#8221;img-box bajo&#8221; _builder_version=&#8221;4.27.4&#8243; _module_preset=&#8221;default&#8221; background_color=&#8221;#F8F8F8&#8243; hover_enabled=&#8221;0&#8243; global_colors_info=&#8221;{}&#8221; sticky_enabled=&#8221;0&#8243;][\/et_pb_image][\/et_pb_column][\/et_pb_row][\/et_pb_section][et_pb_section fb_built=&#8221;1&#8243; custom_padding_last_edited=&#8221;on|phone&#8221; admin_label=&#8221;Playa de contenedores&#8221; module_id=&#8221;logistica-contenedores&#8221; _builder_version=&#8221;4.27.4&#8243; _module_preset=&#8221;default&#8221; custom_padding=&#8221;100px||0px||false|false&#8221; custom_padding_tablet=&#8221;80px||0px||false|false&#8221; custom_padding_phone=&#8221;50px||0px||false|false&#8221; global_colors_info=&#8221;{}&#8221;][et_pb_row column_structure=&#8221;1_2,1_2&#8243; make_equal=&#8221;on&#8221; _builder_version=&#8221;4.27.4&#8243; _module_preset=&#8221;default&#8221; custom_padding=&#8221;0px||0px||true|false&#8221; custom_css_main_element=&#8221;align-items: center;&#8221; global_colors_info=&#8221;{}&#8221;][et_pb_column type=&#8221;1_2&#8243; _builder_version=&#8221;4.27.4&#8243; _module_preset=&#8221;default&#8221; global_colors_info=&#8221;{}&#8221;][et_pb_image src=&#8221;https:\/\/depositosmontevideo.com.uy\/wp-content\/uploads\/2025\/02\/infraestructura-3.webp&#8221; alt=&#8221;playa de contenedores de dep\u00f3sitos montevideo&#8221; module_class=&#8221;img-box bajo&#8221; _builder_version=&#8221;4.27.4&#8243; _module_preset=&#8221;default&#8221; background_color=&#8221;#F8F8F8&#8243; global_colors_info=&#8221;{}&#8221;][\/et_pb_image][\/et_pb_column][et_pb_column type=&#8221;1_2&#8243; _builder_version=&#8221;4.25.0&#8243; _module_preset=&#8221;default&#8221; global_colors_info=&#8221;{}&#8221;][et_pb_text admin_label=&#8221;Etiqueta&#8221; module_class=&#8221;etiqueta&#8221; _builder_version=&#8221;4.27.4&#8243; _module_preset=&#8221;default&#8221; text_font=&#8221;|||on|||||&#8221; text_text_color=&#8221;#004472&#8243; text_font_size=&#8221;14px&#8221; text_line_height=&#8221;1.2em&#8221; background_color=&#8221;#F8F8F8&#8243; custom_margin=&#8221;||10px||false|false&#8221; custom_padding=&#8221;5px|10px|5px|10px|true|true&#8221; text_font_size_tablet=&#8221;14px&#8221; text_font_size_phone=&#8221;14px&#8221; text_font_size_last_edited=&#8221;on|desktop&#8221; custom_css_main_element=&#8221;display:inline-block;&#8221; border_width_left=&#8221;5px&#8221; border_color_left=&#8221;#F9B32F&#8221; locked=&#8221;off&#8221; global_colors_info=&#8221;{}&#8221;]<\/p>\n<p>\u00c1rea aberta<\/p>\n<p>[\/et_pb_text][et_pb_text admin_label=&#8221;T\u00edtulo&#8221; _builder_version=&#8221;4.27.4&#8243; _module_preset=&#8221;default&#8221; header_font=&#8221;||||||||&#8221; header_2_font=&#8221;|600|||||||&#8221; header_2_text_color=&#8221;#004472&#8243; header_2_font_size=&#8221;34px&#8221; header_2_line_height=&#8221;1.2em&#8221; header_2_font_size_tablet=&#8221;26px&#8221; header_2_font_size_phone=&#8221;24px&#8221; header_2_font_size_last_edited=&#8221;on|desktop&#8221; global_colors_info=&#8221;{}&#8221; header_2_font_size__hover_enabled=&#8221;off|hover&#8221;]<\/p>\n<h2>P\u00e1tio de cont\u00eaineres<\/h2>\n<p>[\/et_pb_text][et_pb_text _builder_version=&#8221;4.27.4&#8243; _module_preset=&#8221;default&#8221; custom_margin=&#8221;||||false|false&#8221; global_colors_info=&#8221;{}&#8221;]<\/p>\n<p>A \u00e1rea aberta adjacente de 270 m\u00b2 \u00e9 destinada \u00e0 armazenagem de cont\u00eaineres.<\/p>\n<p>[\/et_pb_text][\/et_pb_column][\/et_pb_row][\/et_pb_section][et_pb_section fb_built=&#8221;1&#8243; custom_padding_last_edited=&#8221;on|phone&#8221; admin_label=&#8221;Bultos no convencionales&#8221; module_id=&#8221;gestion-mercaderias&#8221; _builder_version=&#8221;4.27.4&#8243; _module_preset=&#8221;default&#8221; custom_padding=&#8221;100px||0px||false|false&#8221; custom_padding_tablet=&#8221;80px||0px||false|false&#8221; custom_padding_phone=&#8221;50px||0px||false|false&#8221; global_colors_info=&#8221;{}&#8221;][et_pb_row column_structure=&#8221;1_2,1_2&#8243; make_equal=&#8221;on&#8221; module_class=&#8221;invertir-cols&#8221; _builder_version=&#8221;4.27.4&#8243; _module_preset=&#8221;default&#8221; custom_padding=&#8221;0px||0px||true|false&#8221; custom_css_main_element=&#8221;align-items: center;&#8221; global_colors_info=&#8221;{}&#8221;][et_pb_column type=&#8221;1_2&#8243; _builder_version=&#8221;4.25.0&#8243; _module_preset=&#8221;default&#8221; global_colors_info=&#8221;{}&#8221;][et_pb_text admin_label=&#8221;Etiqueta&#8221; module_class=&#8221;etiqueta&#8221; _builder_version=&#8221;4.27.4&#8243; _module_preset=&#8221;default&#8221; text_font=&#8221;|||on|||||&#8221; text_text_color=&#8221;#004472&#8243; text_font_size=&#8221;14px&#8221; text_line_height=&#8221;1.2em&#8221; background_color=&#8221;#F8F8F8&#8243; custom_margin=&#8221;||10px||false|false&#8221; custom_padding=&#8221;5px|10px|5px|10px|true|true&#8221; text_font_size_tablet=&#8221;14px&#8221; text_font_size_phone=&#8221;14px&#8221; text_font_size_last_edited=&#8221;on|desktop&#8221; custom_css_main_element=&#8221;display:inline-block;&#8221; border_width_left=&#8221;5px&#8221; border_color_left=&#8221;#F9B32F&#8221; locked=&#8221;off&#8221; global_colors_info=&#8221;{}&#8221;]<\/p>\n<p>Dep\u00f3sito fechado<\/p>\n<p>[\/et_pb_text][et_pb_text admin_label=&#8221;T\u00edtulo&#8221; _builder_version=&#8221;4.27.4&#8243; _module_preset=&#8221;default&#8221; header_font=&#8221;||||||||&#8221; header_2_font=&#8221;|600|||||||&#8221; header_2_text_color=&#8221;#004472&#8243; header_2_font_size=&#8221;34px&#8221; header_2_line_height=&#8221;1.2em&#8221; header_2_font_size_tablet=&#8221;26px&#8221; header_2_font_size_phone=&#8221;24px&#8221; header_2_font_size_last_edited=&#8221;on|desktop&#8221; global_colors_info=&#8221;{}&#8221; header_2_font_size__hover_enabled=&#8221;off|hover&#8221;]<\/p>\n<h2>Volumes n\u00e3o convencionais<\/h2>\n<p>[\/et_pb_text][et_pb_text _builder_version=&#8221;4.27.4&#8243; _module_preset=&#8221;default&#8221; custom_margin=&#8221;||||false|false&#8221; global_colors_info=&#8221;{}&#8221;]<\/p>\n<p>Para este tipo de volumes, contamos, dentro da \u00e1rea aberta, com um dep\u00f3sito fechado de 250 m\u00b2 que permite o armazenamento de volumes n\u00e3o convencionais em termos de dimens\u00f5es e pesos.<\/p>\n<p>[\/et_pb_text][\/et_pb_column][et_pb_column type=&#8221;1_2&#8243; module_class=&#8221;imagen&#8221; _builder_version=&#8221;4.27.4&#8243; _module_preset=&#8221;default&#8221; global_colors_info=&#8221;{}&#8221;][et_pb_image src=&#8221;https:\/\/depositosmontevideo.com.uy\/wp-content\/uploads\/2025\/02\/infraestructura-4.webp&#8221; alt=&#8221;dep\u00f3sito de dep\u00f3sitos montevideo&#8221; module_class=&#8221;img-box bajo&#8221; _builder_version=&#8221;4.27.4&#8243; _module_preset=&#8221;default&#8221; background_color=&#8221;#F8F8F8&#8243; global_colors_info=&#8221;{}&#8221;][\/et_pb_image][\/et_pb_column][\/et_pb_row][\/et_pb_section][et_pb_section fb_built=&#8221;1&#8243; custom_padding_last_edited=&#8221;on|desktop&#8221; admin_label=&#8221;Equipamientos&#8221; module_id=&#8221;valor-agregado&#8221; _builder_version=&#8221;4.27.4&#8243; _module_preset=&#8221;default&#8221; custom_padding=&#8221;100px||100px||true|false&#8221; custom_padding_tablet=&#8221;80px||80px||true|false&#8221; custom_padding_phone=&#8221;50px||50px||true|false&#8221; global_colors_info=&#8221;{}&#8221;][et_pb_row column_structure=&#8221;1_2,1_2&#8243; make_equal=&#8221;on&#8221; _builder_version=&#8221;4.27.4&#8243; _module_preset=&#8221;default&#8221; custom_padding=&#8221;0px||0px||true|false&#8221; custom_css_main_element=&#8221;align-items: center;&#8221; global_colors_info=&#8221;{}&#8221;][et_pb_column type=&#8221;1_2&#8243; _builder_version=&#8221;4.27.4&#8243; _module_preset=&#8221;default&#8221; global_colors_info=&#8221;{}&#8221;][et_pb_image src=&#8221;https:\/\/depositosmontevideo.com.uy\/wp-content\/uploads\/2025\/03\/infraestructura-5-alt2.webp&#8221; alt=&#8221;gr\u00faa de dep\u00f3sitos montevideo moviendo moviendo container en el puerto&#8221; module_class=&#8221;img-box bajo&#8221; _builder_version=&#8221;4.27.4&#8243; _module_preset=&#8221;default&#8221; background_color=&#8221;#F8F8F8&#8243; global_colors_info=&#8221;{}&#8221;][\/et_pb_image][\/et_pb_column][et_pb_column type=&#8221;1_2&#8243; _builder_version=&#8221;4.25.0&#8243; _module_preset=&#8221;default&#8221; global_colors_info=&#8221;{}&#8221;][et_pb_text admin_label=&#8221;Etiqueta&#8221; module_class=&#8221;etiqueta&#8221; _builder_version=&#8221;4.27.4&#8243; _module_preset=&#8221;default&#8221; text_font=&#8221;|||on|||||&#8221; text_text_color=&#8221;#004472&#8243; text_font_size=&#8221;14px&#8221; text_line_height=&#8221;1.2em&#8221; background_color=&#8221;#F8F8F8&#8243; custom_margin=&#8221;||10px||false|false&#8221; custom_padding=&#8221;5px|10px|5px|10px|true|true&#8221; text_font_size_tablet=&#8221;14px&#8221; text_font_size_phone=&#8221;14px&#8221; text_font_size_last_edited=&#8221;on|desktop&#8221; custom_css_main_element=&#8221;display:inline-block;&#8221; border_width_left=&#8221;5px&#8221; border_color_left=&#8221;#F9B32F&#8221; locked=&#8221;off&#8221; global_colors_info=&#8221;{}&#8221;]<\/p>\n<p>Frota pr\u00f3pria<\/p>\n<p>[\/et_pb_text][et_pb_text admin_label=&#8221;T\u00edtulo&#8221; _builder_version=&#8221;4.27.4&#8243; _module_preset=&#8221;default&#8221; header_font=&#8221;||||||||&#8221; header_2_font=&#8221;|600|||||||&#8221; header_2_text_color=&#8221;#004472&#8243; header_2_font_size=&#8221;34px&#8221; header_2_line_height=&#8221;1.2em&#8221; header_2_font_size_tablet=&#8221;26px&#8221; header_2_font_size_phone=&#8221;24px&#8221; header_2_font_size_last_edited=&#8221;on|desktop&#8221; global_colors_info=&#8221;{}&#8221; header_2_font_size__hover_enabled=&#8221;off|hover&#8221;]<\/p>\n<h2>Equipamentos<\/h2>\n<p>[\/et_pb_text][et_pb_text _builder_version=&#8221;4.27.4&#8243; _module_preset=&#8221;default&#8221; custom_margin=&#8221;||||false|false&#8221; global_colors_info=&#8221;{}&#8221;]<\/p>\n<p>A Dep\u00f3sitos Montevideo conta com uma frota de equipamentos pr\u00f3prios composta por guindaste Reach Stacker, empilhadeiras a diesel e empilhadeiras el\u00e9tricas, que permitem realizar as diferentes opera\u00e7\u00f5es requeridas pelos clientes.<\/p>\n<p>[\/et_pb_text][\/et_pb_column][\/et_pb_row][\/et_pb_section]<\/p>\n","protected":false},"excerpt":{"rendered":"<p>NossaInfraestruturaArmazenagemDep\u00f3sito principalO dep\u00f3sito principal conta com uma \u00e1rea fechada de 3.800 m\u00b2 onde s\u00e3o realizadas tarefas de armazenagem e de valor agregado \u00e0s mercadorias.Zona especial\u00c1rea climatizadaDentro do dep\u00f3sito principal, contamos com uma zona especial de 580 m\u00b3 com temperatura controlada, destinada \u00e0 armazenagem de especialidades farmac\u00eauticas e mat\u00e9rias-primas, autorizada pelo Minist\u00e9rio da Sa\u00fade P\u00fablica.\u00c1rea abertaP\u00e1tio [&hellip;]<\/p>\n","protected":false},"author":1,"featured_media":0,"parent":0,"menu_order":0,"comment_status":"closed","ping_status":"closed","template":"","meta":{"_et_pb_use_builder":"on","_et_pb_old_content":"","_et_gb_content_width":"","inline_featured_image":false,"footnotes":""},"class_list":["post-1100","page","type-page","status-publish","hentry"],"yoast_head":"<!-- This site is optimized with the Yoast SEO plugin v27.3 - https:\/\/yoast.com\/product\/yoast-seo-wordpress\/ -->\n<title>Infraestrutura - Dep\u00f3sitos Montevideo<\/title>\n<meta name=\"robots\" content=\"index, follow, max-snippet:-1, max-image-preview:large, max-video-preview:-1\" \/>\n<link rel=\"canonical\" href=\"https:\/\/depositosmontevideo.com.uy\/pt-br\/infraestrutura\/\" \/>\n<meta property=\"og:locale\" content=\"pt_BR\" \/>\n<meta property=\"og:type\" content=\"article\" \/>\n<meta property=\"og:title\" content=\"Infraestrutura - Dep\u00f3sitos Montevideo\" \/>\n<meta property=\"og:description\" content=\"NossaInfraestruturaArmazenagemDep\u00f3sito principalO dep\u00f3sito principal conta com uma \u00e1rea fechada de 3.800 m\u00b2 onde s\u00e3o realizadas tarefas de armazenagem e de valor agregado \u00e0s mercadorias.Zona especial\u00c1rea climatizadaDentro do dep\u00f3sito principal, contamos com uma zona especial de 580 m\u00b3 com temperatura controlada, destinada \u00e0 armazenagem de especialidades farmac\u00eauticas e mat\u00e9rias-primas, autorizada pelo Minist\u00e9rio da Sa\u00fade P\u00fablica.\u00c1rea abertaP\u00e1tio [&hellip;]\" \/>\n<meta property=\"og:url\" content=\"https:\/\/depositosmontevideo.com.uy\/pt-br\/infraestrutura\/\" \/>\n<meta property=\"og:site_name\" content=\"Dep\u00f3sitos Montevideo\" \/>\n<meta property=\"article:modified_time\" content=\"2025-06-18T19:20:32+00:00\" \/>\n<meta name=\"twitter:card\" content=\"summary_large_image\" \/>\n<meta name=\"twitter:label1\" content=\"Est. tempo de leitura\" \/>\n\t<meta name=\"twitter:data1\" content=\"10 minutos\" \/>\n<script type=\"application\/ld+json\" class=\"yoast-schema-graph\">{\"@context\":\"https:\\\/\\\/schema.org\",\"@graph\":[{\"@type\":\"WebPage\",\"@id\":\"https:\\\/\\\/depositosmontevideo.com.uy\\\/pt-br\\\/infraestrutura\\\/\",\"url\":\"https:\\\/\\\/depositosmontevideo.com.uy\\\/pt-br\\\/infraestrutura\\\/\",\"name\":\"Infraestrutura - Dep\u00f3sitos Montevideo\",\"isPartOf\":{\"@id\":\"https:\\\/\\\/depositosmontevideo.com.uy\\\/#website\"},\"datePublished\":\"2024-04-15T18:00:08+00:00\",\"dateModified\":\"2025-06-18T19:20:32+00:00\",\"breadcrumb\":{\"@id\":\"https:\\\/\\\/depositosmontevideo.com.uy\\\/pt-br\\\/infraestrutura\\\/#breadcrumb\"},\"inLanguage\":\"pt-BR\",\"potentialAction\":[{\"@type\":\"ReadAction\",\"target\":[\"https:\\\/\\\/depositosmontevideo.com.uy\\\/pt-br\\\/infraestrutura\\\/\"]}]},{\"@type\":\"BreadcrumbList\",\"@id\":\"https:\\\/\\\/depositosmontevideo.com.uy\\\/pt-br\\\/infraestrutura\\\/#breadcrumb\",\"itemListElement\":[{\"@type\":\"ListItem\",\"position\":1,\"name\":\"Inicio\",\"item\":\"https:\\\/\\\/depositosmontevideo.com.uy\\\/pt-br\\\/home\\\/\"},{\"@type\":\"ListItem\",\"position\":2,\"name\":\"Infraestrutura\"}]},{\"@type\":\"WebSite\",\"@id\":\"https:\\\/\\\/depositosmontevideo.com.uy\\\/#website\",\"url\":\"https:\\\/\\\/depositosmontevideo.com.uy\\\/\",\"name\":\"Dep\u00f3sitos Montevideo\",\"description\":\"\",\"potentialAction\":[{\"@type\":\"SearchAction\",\"target\":{\"@type\":\"EntryPoint\",\"urlTemplate\":\"https:\\\/\\\/depositosmontevideo.com.uy\\\/?s={search_term_string}\"},\"query-input\":{\"@type\":\"PropertyValueSpecification\",\"valueRequired\":true,\"valueName\":\"search_term_string\"}}],\"inLanguage\":\"pt-BR\"}]}<\/script>\n<!-- \/ Yoast SEO plugin. -->","yoast_head_json":{"title":"Infraestrutura - Dep\u00f3sitos Montevideo","robots":{"index":"index","follow":"follow","max-snippet":"max-snippet:-1","max-image-preview":"max-image-preview:large","max-video-preview":"max-video-preview:-1"},"canonical":"https:\/\/depositosmontevideo.com.uy\/pt-br\/infraestrutura\/","og_locale":"pt_BR","og_type":"article","og_title":"Infraestrutura - Dep\u00f3sitos Montevideo","og_description":"NossaInfraestruturaArmazenagemDep\u00f3sito principalO dep\u00f3sito principal conta com uma \u00e1rea fechada de 3.800 m\u00b2 onde s\u00e3o realizadas tarefas de armazenagem e de valor agregado \u00e0s mercadorias.Zona especial\u00c1rea climatizadaDentro do dep\u00f3sito principal, contamos com uma zona especial de 580 m\u00b3 com temperatura controlada, destinada \u00e0 armazenagem de especialidades farmac\u00eauticas e mat\u00e9rias-primas, autorizada pelo Minist\u00e9rio da Sa\u00fade P\u00fablica.\u00c1rea abertaP\u00e1tio [&hellip;]","og_url":"https:\/\/depositosmontevideo.com.uy\/pt-br\/infraestrutura\/","og_site_name":"Dep\u00f3sitos Montevideo","article_modified_time":"2025-06-18T19:20:32+00:00","twitter_card":"summary_large_image","twitter_misc":{"Est. tempo de leitura":"10 minutos"},"schema":{"@context":"https:\/\/schema.org","@graph":[{"@type":"WebPage","@id":"https:\/\/depositosmontevideo.com.uy\/pt-br\/infraestrutura\/","url":"https:\/\/depositosmontevideo.com.uy\/pt-br\/infraestrutura\/","name":"Infraestrutura - Dep\u00f3sitos Montevideo","isPartOf":{"@id":"https:\/\/depositosmontevideo.com.uy\/#website"},"datePublished":"2024-04-15T18:00:08+00:00","dateModified":"2025-06-18T19:20:32+00:00","breadcrumb":{"@id":"https:\/\/depositosmontevideo.com.uy\/pt-br\/infraestrutura\/#breadcrumb"},"inLanguage":"pt-BR","potentialAction":[{"@type":"ReadAction","target":["https:\/\/depositosmontevideo.com.uy\/pt-br\/infraestrutura\/"]}]},{"@type":"BreadcrumbList","@id":"https:\/\/depositosmontevideo.com.uy\/pt-br\/infraestrutura\/#breadcrumb","itemListElement":[{"@type":"ListItem","position":1,"name":"Inicio","item":"https:\/\/depositosmontevideo.com.uy\/pt-br\/home\/"},{"@type":"ListItem","position":2,"name":"Infraestrutura"}]},{"@type":"WebSite","@id":"https:\/\/depositosmontevideo.com.uy\/#website","url":"https:\/\/depositosmontevideo.com.uy\/","name":"Dep\u00f3sitos Montevideo","description":"","potentialAction":[{"@type":"SearchAction","target":{"@type":"EntryPoint","urlTemplate":"https:\/\/depositosmontevideo.com.uy\/?s={search_term_string}"},"query-input":{"@type":"PropertyValueSpecification","valueRequired":true,"valueName":"search_term_string"}}],"inLanguage":"pt-BR"}]}},"_links":{"self":[{"href":"https:\/\/depositosmontevideo.com.uy\/pt-br\/wp-json\/wp\/v2\/pages\/1100","targetHints":{"allow":["GET"]}}],"collection":[{"href":"https:\/\/depositosmontevideo.com.uy\/pt-br\/wp-json\/wp\/v2\/pages"}],"about":[{"href":"https:\/\/depositosmontevideo.com.uy\/pt-br\/wp-json\/wp\/v2\/types\/page"}],"author":[{"embeddable":true,"href":"https:\/\/depositosmontevideo.com.uy\/pt-br\/wp-json\/wp\/v2\/users\/1"}],"replies":[{"embeddable":true,"href":"https:\/\/depositosmontevideo.com.uy\/pt-br\/wp-json\/wp\/v2\/comments?post=1100"}],"version-history":[{"count":0,"href":"https:\/\/depositosmontevideo.com.uy\/pt-br\/wp-json\/wp\/v2\/pages\/1100\/revisions"}],"wp:attachment":[{"href":"https:\/\/depositosmontevideo.com.uy\/pt-br\/wp-json\/wp\/v2\/media?parent=1100"}],"curies":[{"name":"wp","href":"https:\/\/api.w.org\/{rel}","templated":true}]}}